{"id":59,"date":"2022-09-12T13:51:45","date_gmt":"2022-09-12T10:51:45","guid":{"rendered":"http:\/\/localhost:8080\/aydinaski\/?page_id=59"},"modified":"2025-02-28T16:30:24","modified_gmt":"2025-02-28T13:30:24","slug":"vizyon-ve-misyon","status":"publish","type":"page","link":"https:\/\/www.aydinaski.gov.tr\/index.php\/vizyon-ve-misyon\/","title":{"rendered":"Vizyon ve Misyon"},"content":{"rendered":"\n<p class=\"has-text-align-center\"><strong>M\u0130SYONUMUZ<\/strong><\/p>\n\n\n\n<p class=\"has-text-align-left\">&#8220;Do\u011fa ve insan\u0131n ayr\u0131lmaz bir b\u00fct\u00fcn oldu\u011fu ve gelecek nesillerimize ya\u015fan\u0131labilir bir d\u00fcnya b\u0131rakmak bilinciyle, tabiat ve do\u011fal kaynaklar\u0131m\u0131z\u0131 koruyarak i\u00e7me suyu, at\u0131k su, ar\u0131tma ve altyap\u0131 hizmetlerinde vatanda\u015flar\u0131m\u0131za adil, kaliteli ve g\u00fcvenilir hizmet sunmak.&#8221;<\/p>\n\n\n\n<p class=\"has-text-align-center\"><strong>V\u0130ZYONUMUZ<\/strong><\/p>\n\n\n\n<p class=\"has-text-align-left\">&#8220;Y\u00fcksek standartlarda insan ve \u00e7evre odakl\u0131 hizmet sunan, s\u00fcrekli geli\u015fen, etkin ve alan\u0131nda g\u00fcven duyulan \u00f6nc\u00fc bir kurum olmak.&#8221;<\/p>\n\n\n\n<p><\/p>\n\n\n\n<p class=\"has-text-align-center\"><strong>TEMEL DE\u011eERLER<\/strong><\/p>\n\n\n\n<ul class=\"wp-block-list\">\n<li>Hizmet Odakl\u0131<\/li>\n\n\n\n<li>Do\u011faya ve \u0130nsana Duyarl\u0131<\/li>\n\n\n\n<li>Geli\u015fime ve De\u011fi\u015fime A\u00e7\u0131k<\/li>\n\n\n\n<li>D\u00fcr\u00fcst ve \u015eeffaf<\/li>\n\n\n\n<li>Adil ve Tarafs\u0131z<\/li>\n\n\n\n<li>\u00c7\u00f6z\u00fcm Odakl\u0131<\/li>\n\n\n\n<li>G\u00fcvenilir<\/li>\n\n\n\n<li>\u00c7al\u0131\u015fkan<\/li>\n\n\n\n<li>Hukuka Ba\u011fl\u0131<\/li>\n\n\n\n<li>Etik De\u011ferlere Ba\u011fl\u0131<\/li>\n<\/ul>\n","protected":false},"excerpt":{"rendered":"<p>M\u0130SYONUMUZ &#8220;Do\u011fa ve insan\u0131n ayr\u0131lmaz bir b\u00fct\u00fcn oldu\u011fu ve gelecek nesillerimize ya\u015fan\u0131labilir bir d\u00fcnya b\u0131rakmak bilinciyle, tabiat ve do\u011fal kaynaklar\u0131m\u0131z\u0131 koruyarak i\u00e7me suyu, at\u0131k su, ar\u0131tma ve altyap\u0131 hizmetlerinde vatanda\u015flar\u0131m\u0131za adil, kaliteli ve g\u00fcvenilir hizmet sunmak.&#8221; V\u0130ZYONUMUZ &#8220;Y\u00fcksek standartlarda insan ve \u00e7evre odakl\u0131 hizmet sunan, s\u00fcrekli geli\u015fen, etkin ve alan\u0131nda g\u00fcven duyulan \u00f6nc\u00fc bir kurum [&hellip;]<\/p>\n","protected":false},"author":1,"featured_media":0,"parent":0,"menu_order":0,"comment_status":"closed","ping_status":"closed","template":"","meta":{"ngg_post_thumbnail":0,"footnotes":""},"class_list":["post-59","page","type-page","status-publish","hentry"],"_links":{"self":[{"href":"https:\/\/www.aydinaski.gov.tr\/index.php\/wp-json\/wp\/v2\/pages\/59","targetHints":{"allow":["GET"]}}],"collection":[{"href":"https:\/\/www.aydinaski.gov.tr\/index.php\/wp-json\/wp\/v2\/pages"}],"about":[{"href":"https:\/\/www.aydinaski.gov.tr\/index.php\/wp-json\/wp\/v2\/types\/page"}],"author":[{"embeddable":true,"href":"https:\/\/www.aydinaski.gov.tr\/index.php\/wp-json\/wp\/v2\/users\/1"}],"replies":[{"embeddable":true,"href":"https:\/\/www.aydinaski.gov.tr\/index.php\/wp-json\/wp\/v2\/comments?post=59"}],"version-history":[{"count":9,"href":"https:\/\/www.aydinaski.gov.tr\/index.php\/wp-json\/wp\/v2\/pages\/59\/revisions"}],"predecessor-version":[{"id":8931,"href":"https:\/\/www.aydinaski.gov.tr\/index.php\/wp-json\/wp\/v2\/pages\/59\/revisions\/8931"}],"wp:attachment":[{"href":"https:\/\/www.aydinaski.gov.tr\/index.php\/wp-json\/wp\/v2\/media?parent=59"}],"curies":[{"name":"wp","href":"https:\/\/api.w.org\/{rel}","templated":true}]}}